{"id":1166,"date":"2025-12-29T14:54:23","date_gmt":"2025-12-29T13:54:23","guid":{"rendered":"https:\/\/pttravel.stevejonk.com\/?page_id=1166"},"modified":"2025-12-29T14:56:06","modified_gmt":"2025-12-29T13:56:06","slug":"pol-050-en-0051-10-dagen-zuid-polen-groepsrondreis","status":"publish","type":"page","link":"https:\/\/pttravel.stevejonk.com\/en\/polen\/individuele-rondreizen-polen\/pol-050-en-0051-10-dagen-zuid-polen-groepsrondreis\/","title":{"rendered":"POL 050 en 0051 &#8211; 8 dagen Polen groepsrondreis"},"content":{"rendered":"<div class=\"wp-block-cover is-light has-parallax has-custom-content-position is-position-top-center is-style-gradient-bottom\"><div class=\"wp-block-cover__image-background wp-image-48 size-large has-parallax\" style=\"background-position:50% 50%;background-image:url(https:\/\/pttravel.stevejonk.com\/wp-content\/uploads\/2025\/11\/Map-1024x724.webp)\"><\/div><span aria-hidden=\"true\" class=\"wp-block-cover__background has-white-background-color has-background-dim-80 has-background-dim\"><\/span><div class=\"wp-block-cover__inner-container is-layout-constrained wp-block-cover-is-layout-constrained\">\n<div style=\"height:80px\" aria-hidden=\"true\" class=\"wp-block-spacer\"><\/div>\n\n\n\n<div style=\"height:50px\" aria-hidden=\"true\" class=\"wp-block-spacer\"><\/div>\n\n\n\n<div class=\"wp-block-group is-style-container is-layout-constrained wp-block-group-is-layout-constrained\">\n<div class=\"wp-block-columns is-layout-flex wp-container-core-columns-is-layout-34d106ae wp-block-columns-is-layout-flex\">\n<div class=\"wp-block-column is-layout-flow wp-block-column-is-layout-flow\" style=\"flex-basis:66.66%\">\n<div class=\"wp-block-cover has-custom-content-position is-position-top-right\" style=\"padding-top:var(--wp--preset--spacing--60);padding-bottom:var(--wp--preset--spacing--60)\"><img loading=\"lazy\" decoding=\"async\" width=\"640\" height=\"330\" class=\"wp-block-cover__image-background wp-image-1146 size-full\" alt=\"\" src=\"https:\/\/pttravel.stevejonk.com\/wp-content\/uploads\/2025\/12\/Dag_4_Gdansk_Malbork_Torun.jpeg\" data-object-fit=\"cover\" srcset=\"https:\/\/pttravel.stevejonk.com\/wp-content\/uploads\/2025\/12\/Dag_4_Gdansk_Malbork_Torun.jpeg 640w, https:\/\/pttravel.stevejonk.com\/wp-content\/uploads\/2025\/12\/Dag_4_Gdansk_Malbork_Torun-300x155.jpeg 300w, https:\/\/pttravel.stevejonk.com\/wp-content\/uploads\/2025\/12\/Dag_4_Gdansk_Malbork_Torun-18x9.jpeg 18w\" sizes=\"auto, (max-width: 640px) 100vw, 640px\" \/><span aria-hidden=\"true\" class=\"wp-block-cover__background has-background-dim\" style=\"background-color:#697e9e\"><\/span><div class=\"wp-block-cover__inner-container is-layout-constrained wp-block-cover-is-layout-constrained\">\n<div class=\"wp-block-group is-style-top-right-popout is-layout-constrained wp-block-group-is-layout-constrained\">\n<div class=\"wp-block-group has-tertiary-background-color has-background is-layout-constrained wp-container-core-group-is-layout-e3964afe wp-block-group-is-layout-constrained\" style=\"padding-top:var(--wp--preset--spacing--60);padding-right:var(--wp--preset--spacing--60);padding-bottom:var(--wp--preset--spacing--60);padding-left:var(--wp--preset--spacing--60)\">\n<figure class=\"wp-block-image size-large is-resized\" style=\"margin-top:0;margin-bottom:0\"><img decoding=\"async\" src=\"https:\/\/pttravel.stevejonk.com\/wp-content\/uploads\/2025\/12\/CarretDown.svg\" alt=\"\" class=\"wp-image-336\" style=\"width:50px\"\/><\/figure>\n\n\n\n<p class=\"has-text-align-left has-theme-x-large-font-size wp-block-paragraph\" style=\"margin-top:0;margin-bottom:0\">Tourcode POL 050 en 051<br><mark style=\"background-color:rgba(0, 0, 0, 0)\" class=\"has-inline-color has-secondary-color\">8 dagen Noord Polen rondreis<\/mark><\/p>\n<\/div>\n\n\n\n<div class=\"wp-block-buttons is-content-justification-center is-layout-flex wp-container-core-buttons-is-layout-0a83c522 wp-block-buttons-is-layout-flex\" style=\"margin-top:0;margin-bottom:0\">\n<div class=\"wp-block-button\"><a class=\"wp-block-button__link has-primary-background-color has-background wp-element-button\" href=\"https:\/\/pttravel.stevejonk.com\/en\/offerte-aanvragen\/?tourcode=POL 050 en 051\" style=\"border-top-left-radius:0px;border-top-right-radius:0px;border-bottom-left-radius:0px;border-bottom-right-radius:0px\">Vraag offerte aan<\/a><\/div>\n<\/div>\n<\/div>\n<\/div><\/div>\n<\/div>\n\n\n\n<div class=\"wp-block-column is-layout-flow wp-block-column-is-layout-flow\" style=\"flex-basis:33.33%\">\n<p class=\"wp-block-paragraph\">Deze rondreizen zijn gecre\u00eberd voor de wat comfortabelere reiziger. U reist met uw eigen gezelschap en alle reizen worden begeleidt door een Nederlandssprekende gids en u heeft hier een keuze uit superior hotels of luxe hotels. Ook deze reizen zijn te verlengen met een strandvakantie in Polen of een langer verblijf in de prachtige stad Warschau.<\/p>\n\n\n\n<p class=\"wp-block-paragraph\">Zie bij deze <strong><a href=\"https:\/\/pttravel.stevejonk.com\/wp-content\/uploads\/2025\/12\/polen_groepsrondreis_8_dagen.pdf\">dag tot dag beschrijving<\/a><\/strong> wanneer u welke excursies kunt ondernemen en kijk bij <a href=\"https:\/\/www.pttravel.nl\/pdf_groepsreizen\/POL001\/hotels_excursies_polen_noord_3_sterren.pdf\"><strong>Hotels + excursies<\/strong><\/a> welke er wel en welke niet bij de reissom zijn inbegrepen!!<\/p>\n<\/div>\n<\/div>\n<\/div>\n<\/div><\/div>\n\n\n\n<div class=\"wp-block-cover is-light has-parallax has-custom-content-position is-position-top-center is-style-gradient-top-bottom\"><div class=\"wp-block-cover__image-background wp-image-86 size-large has-parallax\" style=\"background-position:50% 50%;background-image:url(https:\/\/pttravel.stevejonk.com\/wp-content\/uploads\/2025\/11\/volcano-3779159-1024x683.jpg)\"><\/div><span aria-hidden=\"true\" class=\"wp-block-cover__background has-white-background-color has-background-dim-80 has-background-dim\"><\/span><div class=\"wp-block-cover__inner-container is-layout-constrained wp-block-cover-is-layout-constrained\">\n<div style=\"height:80px\" aria-hidden=\"true\" class=\"wp-block-spacer\"><\/div>\n\n\n\n<div class=\"wp-block-group is-style-container is-layout-constrained wp-container-core-group-is-layout-ee2332cf wp-block-group-is-layout-constrained\">\n<div class=\"wp-block-group is-style-default has-border-color has-tertiary-border-color is-layout-constrained wp-container-core-group-is-layout-d4be628a wp-block-group-is-layout-constrained\" style=\"border-width:1px;margin-top:1.1rem;margin-bottom:1.1rem;padding-top:var(--wp--preset--spacing--50);padding-right:var(--wp--preset--spacing--50);padding-bottom:var(--wp--preset--spacing--50);padding-left:var(--wp--preset--spacing--50)\">\n<h2 class=\"wp-block-heading has-text-align-center is-style-default has-tertiary-color has-text-color has-link-color has-theme-xx-large-font-size wp-elements-1\" style=\"margin-top:var(--wp--preset--spacing--50);margin-bottom:0;padding-top:0;padding-bottom:0\">8 DAGEN NOORD POLEN REIS<\/h2>\n\n\n\n<h3 class=\"wp-block-heading has-text-align-center\" style=\"margin-top:0;margin-bottom:var(--wp--preset--spacing--70);font-style:normal;font-weight:400\">Dag tot dag beschrijving<\/h3>\n\n\n\n<div class=\"wp-block-columns is-layout-flex wp-container-core-columns-is-layout-7387b849 wp-block-columns-is-layout-flex\">\n<div class=\"wp-block-column is-layout-flow wp-block-column-is-layout-flow\" style=\"flex-basis:25%\">\n<figure data-wp-context=\"{&quot;galleryId&quot;:&quot;6a9d456d55347&quot;}\" data-wp-interactive=\"core\/gallery\" class=\"wp-block-gallery has-nested-images columns-1 is-cropped wp-block-gallery-1 is-layout-flex wp-container-core-gallery-is-layout-8b6d8048 wp-block-gallery-is-layout-flex\">\n<figure data-wp-context=\"{&quot;imageId&quot;:&quot;6a9d456d55951&quot;}\" data-wp-interactive=\"core\/image\" data-wp-key=\"6a9d456d55951\" class=\"wp-block-image size-full wp-lightbox-container\"><img loading=\"lazy\" decoding=\"async\" width=\"967\" height=\"644\" data-wp-class--hide=\"state.isContentHidden\" data-wp-class--show=\"state.isContentVisible\" data-wp-init=\"callbacks.setButtonStyles\" data-wp-on--click=\"actions.showLightbox\" data-wp-on--load=\"callbacks.setButtonStyles\" data-wp-on--pointerdown=\"actions.preloadImage\" data-wp-on--pointerenter=\"actions.preloadImageWithDelay\" data-wp-on--pointerleave=\"actions.cancelPreload\" data-wp-on-window--resize=\"callbacks.setButtonStyles\" data-id=\"1158\" src=\"https:\/\/pttravel.stevejonk.com\/wp-content\/uploads\/2025\/12\/Dag1_Vertrek-Amsterdam_Brussel-richting-Krakau-1.jpeg\" alt=\"\" class=\"wp-image-1158\" srcset=\"https:\/\/pttravel.stevejonk.com\/wp-content\/uploads\/2025\/12\/Dag1_Vertrek-Amsterdam_Brussel-richting-Krakau-1.jpeg 967w, https:\/\/pttravel.stevejonk.com\/wp-content\/uploads\/2025\/12\/Dag1_Vertrek-Amsterdam_Brussel-richting-Krakau-1-300x200.jpeg 300w, https:\/\/pttravel.stevejonk.com\/wp-content\/uploads\/2025\/12\/Dag1_Vertrek-Amsterdam_Brussel-richting-Krakau-1-768x511.jpeg 768w, https:\/\/pttravel.stevejonk.com\/wp-content\/uploads\/2025\/12\/Dag1_Vertrek-Amsterdam_Brussel-richting-Krakau-1-18x12.jpeg 18w\" sizes=\"auto, (max-width: 967px) 100vw, 967px\" \/><button\n\t\t\tclass=\"lightbox-trigger\"\n\t\t\ttype=\"button\"\n\t\t\taria-haspopup=\"dialog\"\n\t\t\tdata-wp-bind--aria-label=\"state.thisImage.triggerButtonAriaLabel\"\n\t\t\tdata-wp-init=\"callbacks.initTriggerButton\"\n\t\t\tdata-wp-on--click=\"actions.showLightbox\"\n\t\t\tdata-wp-style--right=\"state.thisImage.buttonRight\"\n\t\t\tdata-wp-style--top=\"state.thisImage.buttonTop\"\n\t\t>\n\t\t\t<svg xmlns=\"http:\/\/www.w3.org\/2000\/svg\" width=\"12\" height=\"12\" fill=\"none\" viewbox=\"0 0 12 12\">\n\t\t\t\t<path fill=\"#fff\" d=\"M2 0a2 2 0 0 0-2 2v2h1.5V2a.5.5 0 0 1 .5-.5h2V0H2Zm2 10.5H2a.5.5 0 0 1-.5-.5V8H0v2a2 2 0 0 0 2 2h2v-1.5ZM8 12v-1.5h2a.5.5 0 0 0 .5-.5V8H12v2a2 2 0 0 1-2 2H8Zm2-12a2 2 0 0 1 2 2v2h-1.5V2a.5.5 0 0 0-.5-.5H8V0h2Z\" \/>\n\t\t\t<\/svg>\n\t\t<\/button><\/figure>\n\n\n\n<figure data-wp-context=\"{&quot;imageId&quot;:&quot;6a9d456d5608e&quot;}\" data-wp-interactive=\"core\/image\" data-wp-key=\"6a9d456d5608e\" class=\"wp-block-image size-full wp-lightbox-container\"><img loading=\"lazy\" decoding=\"async\" width=\"550\" height=\"382\" data-wp-class--hide=\"state.isContentHidden\" data-wp-class--show=\"state.isContentVisible\" data-wp-init=\"callbacks.setButtonStyles\" data-wp-on--click=\"actions.showLightbox\" data-wp-on--load=\"callbacks.setButtonStyles\" data-wp-on--pointerdown=\"actions.preloadImage\" data-wp-on--pointerenter=\"actions.preloadImageWithDelay\" data-wp-on--pointerleave=\"actions.cancelPreload\" data-wp-on-window--resize=\"callbacks.setButtonStyles\" data-id=\"1150\" src=\"https:\/\/pttravel.stevejonk.com\/wp-content\/uploads\/2025\/12\/Dag_6_Wroclaw-\u2013-Czestochowa-\u2013-Auschwitz-\u2013-Krakau-1.jpeg\" alt=\"\" class=\"wp-image-1150\" srcset=\"https:\/\/pttravel.stevejonk.com\/wp-content\/uploads\/2025\/12\/Dag_6_Wroclaw-\u2013-Czestochowa-\u2013-Auschwitz-\u2013-Krakau-1.jpeg 550w, https:\/\/pttravel.stevejonk.com\/wp-content\/uploads\/2025\/12\/Dag_6_Wroclaw-\u2013-Czestochowa-\u2013-Auschwitz-\u2013-Krakau-1-300x208.jpeg 300w, https:\/\/pttravel.stevejonk.com\/wp-content\/uploads\/2025\/12\/Dag_6_Wroclaw-\u2013-Czestochowa-\u2013-Auschwitz-\u2013-Krakau-1-18x12.jpeg 18w\" sizes=\"auto, (max-width: 550px) 100vw, 550px\" \/><button\n\t\t\tclass=\"lightbox-trigger\"\n\t\t\ttype=\"button\"\n\t\t\taria-haspopup=\"dialog\"\n\t\t\tdata-wp-bind--aria-label=\"state.thisImage.triggerButtonAriaLabel\"\n\t\t\tdata-wp-init=\"callbacks.initTriggerButton\"\n\t\t\tdata-wp-on--click=\"actions.showLightbox\"\n\t\t\tdata-wp-style--right=\"state.thisImage.buttonRight\"\n\t\t\tdata-wp-style--top=\"state.thisImage.buttonTop\"\n\t\t>\n\t\t\t<svg xmlns=\"http:\/\/www.w3.org\/2000\/svg\" width=\"12\" height=\"12\" fill=\"none\" viewbox=\"0 0 12 12\">\n\t\t\t\t<path fill=\"#fff\" d=\"M2 0a2 2 0 0 0-2 2v2h1.5V2a.5.5 0 0 1 .5-.5h2V0H2Zm2 10.5H2a.5.5 0 0 1-.5-.5V8H0v2a2 2 0 0 0 2 2h2v-1.5ZM8 12v-1.5h2a.5.5 0 0 0 .5-.5V8H12v2a2 2 0 0 1-2 2H8Zm2-12a2 2 0 0 1 2 2v2h-1.5V2a.5.5 0 0 0-.5-.5H8V0h2Z\" \/>\n\t\t\t<\/svg>\n\t\t<\/button><\/figure>\n\n\n\n<figure data-wp-context=\"{&quot;imageId&quot;:&quot;6a9d456d56882&quot;}\" data-wp-interactive=\"core\/image\" data-wp-key=\"6a9d456d56882\" class=\"wp-block-image size-full wp-lightbox-container\"><img loading=\"lazy\" decoding=\"async\" width=\"900\" height=\"360\" data-wp-class--hide=\"state.isContentHidden\" data-wp-class--show=\"state.isContentVisible\" data-wp-init=\"callbacks.setButtonStyles\" data-wp-on--click=\"actions.showLightbox\" data-wp-on--load=\"callbacks.setButtonStyles\" data-wp-on--pointerdown=\"actions.preloadImage\" data-wp-on--pointerenter=\"actions.preloadImageWithDelay\" data-wp-on--pointerleave=\"actions.cancelPreload\" data-wp-on-window--resize=\"callbacks.setButtonStyles\" data-id=\"1161\" src=\"https:\/\/pttravel.stevejonk.com\/wp-content\/uploads\/2025\/12\/Dag4_Zakopane.jpeg\" alt=\"\" class=\"wp-image-1161\" srcset=\"https:\/\/pttravel.stevejonk.com\/wp-content\/uploads\/2025\/12\/Dag4_Zakopane.jpeg 900w, https:\/\/pttravel.stevejonk.com\/wp-content\/uploads\/2025\/12\/Dag4_Zakopane-300x120.jpeg 300w, https:\/\/pttravel.stevejonk.com\/wp-content\/uploads\/2025\/12\/Dag4_Zakopane-768x307.jpeg 768w, https:\/\/pttravel.stevejonk.com\/wp-content\/uploads\/2025\/12\/Dag4_Zakopane-18x7.jpeg 18w\" sizes=\"auto, (max-width: 900px) 100vw, 900px\" \/><button\n\t\t\tclass=\"lightbox-trigger\"\n\t\t\ttype=\"button\"\n\t\t\taria-haspopup=\"dialog\"\n\t\t\tdata-wp-bind--aria-label=\"state.thisImage.triggerButtonAriaLabel\"\n\t\t\tdata-wp-init=\"callbacks.initTriggerButton\"\n\t\t\tdata-wp-on--click=\"actions.showLightbox\"\n\t\t\tdata-wp-style--right=\"state.thisImage.buttonRight\"\n\t\t\tdata-wp-style--top=\"state.thisImage.buttonTop\"\n\t\t>\n\t\t\t<svg xmlns=\"http:\/\/www.w3.org\/2000\/svg\" width=\"12\" height=\"12\" fill=\"none\" viewbox=\"0 0 12 12\">\n\t\t\t\t<path fill=\"#fff\" d=\"M2 0a2 2 0 0 0-2 2v2h1.5V2a.5.5 0 0 1 .5-.5h2V0H2Zm2 10.5H2a.5.5 0 0 1-.5-.5V8H0v2a2 2 0 0 0 2 2h2v-1.5ZM8 12v-1.5h2a.5.5 0 0 0 .5-.5V8H12v2a2 2 0 0 1-2 2H8Zm2-12a2 2 0 0 1 2 2v2h-1.5V2a.5.5 0 0 0-.5-.5H8V0h2Z\" \/>\n\t\t\t<\/svg>\n\t\t<\/button><\/figure>\n\n\n\n<figure data-wp-context=\"{&quot;imageId&quot;:&quot;6a9d456d5701f&quot;}\" data-wp-interactive=\"core\/image\" data-wp-key=\"6a9d456d5701f\" class=\"wp-block-image size-full wp-lightbox-container\"><img loading=\"lazy\" decoding=\"async\" width=\"469\" height=\"700\" data-wp-class--hide=\"state.isContentHidden\" data-wp-class--show=\"state.isContentVisible\" data-wp-init=\"callbacks.setButtonStyles\" data-wp-on--click=\"actions.showLightbox\" data-wp-on--load=\"callbacks.setButtonStyles\" data-wp-on--pointerdown=\"actions.preloadImage\" data-wp-on--pointerenter=\"actions.preloadImageWithDelay\" data-wp-on--pointerleave=\"actions.cancelPreload\" data-wp-on-window--resize=\"callbacks.setButtonStyles\" data-id=\"1151\" src=\"https:\/\/pttravel.stevejonk.com\/wp-content\/uploads\/2025\/12\/Dag_7_Krakau.jpeg\" alt=\"\" class=\"wp-image-1151\" srcset=\"https:\/\/pttravel.stevejonk.com\/wp-content\/uploads\/2025\/12\/Dag_7_Krakau.jpeg 469w, https:\/\/pttravel.stevejonk.com\/wp-content\/uploads\/2025\/12\/Dag_7_Krakau-201x300.jpeg 201w, https:\/\/pttravel.stevejonk.com\/wp-content\/uploads\/2025\/12\/Dag_7_Krakau-8x12.jpeg 8w\" sizes=\"auto, (max-width: 469px) 100vw, 469px\" \/><button\n\t\t\tclass=\"lightbox-trigger\"\n\t\t\ttype=\"button\"\n\t\t\taria-haspopup=\"dialog\"\n\t\t\tdata-wp-bind--aria-label=\"state.thisImage.triggerButtonAriaLabel\"\n\t\t\tdata-wp-init=\"callbacks.initTriggerButton\"\n\t\t\tdata-wp-on--click=\"actions.showLightbox\"\n\t\t\tdata-wp-style--right=\"state.thisImage.buttonRight\"\n\t\t\tdata-wp-style--top=\"state.thisImage.buttonTop\"\n\t\t>\n\t\t\t<svg xmlns=\"http:\/\/www.w3.org\/2000\/svg\" width=\"12\" height=\"12\" fill=\"none\" viewbox=\"0 0 12 12\">\n\t\t\t\t<path fill=\"#fff\" d=\"M2 0a2 2 0 0 0-2 2v2h1.5V2a.5.5 0 0 1 .5-.5h2V0H2Zm2 10.5H2a.5.5 0 0 1-.5-.5V8H0v2a2 2 0 0 0 2 2h2v-1.5ZM8 12v-1.5h2a.5.5 0 0 0 .5-.5V8H12v2a2 2 0 0 1-2 2H8Zm2-12a2 2 0 0 1 2 2v2h-1.5V2a.5.5 0 0 0-.5-.5H8V0h2Z\" \/>\n\t\t\t<\/svg>\n\t\t<\/button><\/figure>\n\n\n\n<figure data-wp-context=\"{&quot;imageId&quot;:&quot;6a9d456d577e1&quot;}\" data-wp-interactive=\"core\/image\" data-wp-key=\"6a9d456d577e1\" class=\"wp-block-image size-full wp-lightbox-container\"><img loading=\"lazy\" decoding=\"async\" width=\"1000\" height=\"941\" data-wp-class--hide=\"state.isContentHidden\" data-wp-class--show=\"state.isContentVisible\" data-wp-init=\"callbacks.setButtonStyles\" data-wp-on--click=\"actions.showLightbox\" data-wp-on--load=\"callbacks.setButtonStyles\" data-wp-on--pointerdown=\"actions.preloadImage\" data-wp-on--pointerenter=\"actions.preloadImageWithDelay\" data-wp-on--pointerleave=\"actions.cancelPreload\" data-wp-on-window--resize=\"callbacks.setButtonStyles\" data-id=\"1153\" src=\"https:\/\/pttravel.stevejonk.com\/wp-content\/uploads\/2025\/12\/Dag_8_Krakau_Brussel_Amsterdam.jpeg\" alt=\"\" class=\"wp-image-1153\" srcset=\"https:\/\/pttravel.stevejonk.com\/wp-content\/uploads\/2025\/12\/Dag_8_Krakau_Brussel_Amsterdam.jpeg 1000w, https:\/\/pttravel.stevejonk.com\/wp-content\/uploads\/2025\/12\/Dag_8_Krakau_Brussel_Amsterdam-300x282.jpeg 300w, https:\/\/pttravel.stevejonk.com\/wp-content\/uploads\/2025\/12\/Dag_8_Krakau_Brussel_Amsterdam-768x723.jpeg 768w, https:\/\/pttravel.stevejonk.com\/wp-content\/uploads\/2025\/12\/Dag_8_Krakau_Brussel_Amsterdam-13x12.jpeg 13w\" sizes=\"auto, (max-width: 1000px) 100vw, 1000px\" \/><button\n\t\t\tclass=\"lightbox-trigger\"\n\t\t\ttype=\"button\"\n\t\t\taria-haspopup=\"dialog\"\n\t\t\tdata-wp-bind--aria-label=\"state.thisImage.triggerButtonAriaLabel\"\n\t\t\tdata-wp-init=\"callbacks.initTriggerButton\"\n\t\t\tdata-wp-on--click=\"actions.showLightbox\"\n\t\t\tdata-wp-style--right=\"state.thisImage.buttonRight\"\n\t\t\tdata-wp-style--top=\"state.thisImage.buttonTop\"\n\t\t>\n\t\t\t<svg xmlns=\"http:\/\/www.w3.org\/2000\/svg\" width=\"12\" height=\"12\" fill=\"none\" viewbox=\"0 0 12 12\">\n\t\t\t\t<path fill=\"#fff\" d=\"M2 0a2 2 0 0 0-2 2v2h1.5V2a.5.5 0 0 1 .5-.5h2V0H2Zm2 10.5H2a.5.5 0 0 1-.5-.5V8H0v2a2 2 0 0 0 2 2h2v-1.5ZM8 12v-1.5h2a.5.5 0 0 0 .5-.5V8H12v2a2 2 0 0 1-2 2H8Zm2-12a2 2 0 0 1 2 2v2h-1.5V2a.5.5 0 0 0-.5-.5H8V0h2Z\" \/>\n\t\t\t<\/svg>\n\t\t<\/button><\/figure>\n<\/figure>\n<\/div>\n\n\n\n<div class=\"wp-block-column is-layout-flow wp-block-column-is-layout-flow\" style=\"flex-basis:75%\">\n<p class=\"wp-block-paragraph\"><strong><mark style=\"background-color:rgba(0, 0, 0, 0)\" class=\"has-inline-color has-primary-color\">DAG 1<\/mark> Amsterdam \/ Warschau<\/strong><br>Na aankomst hebben we, afhankelijk van de vluchttijden, tijd om Warschau zelfstandig te verkennen. Om 20.00 uur schuiven we aan bij het welkomstdiner.<\/p>\n\n\n\n<hr class=\"wp-block-separator has-text-color has-tertiary-color has-alpha-channel-opacity has-tertiary-background-color has-background is-style-wide\"\/>\n\n\n\n<p class=\"wp-block-paragraph\"><strong><mark style=\"background-color:rgba(0, 0, 0, 0)\" class=\"has-inline-color has-primary-color\">DAG 2<\/mark> Warschau \u2013 Gdansk<\/strong><br>Na het ontbijt beginnen we aan een stadsbezichtiging van Warschau, waar we onder andere de Koninklijke Route volgen met al zijn beroemde standbeelden, gebouwen en kerken. We zien het Royal Lazienki Park met Chopin\u2019s monument, de oude stad met het Koninklijke Kasteelplein, Sint Johns Kathedraal en de schitterende Oude Markt. In de middag rijden we naar het aan de Oostzee gelegen Gdansk .<\/p>\n\n\n\n<hr class=\"wp-block-separator has-text-color has-tertiary-color has-alpha-channel-opacity has-tertiary-background-color has-background is-style-wide\"\/>\n\n\n\n<p class=\"wp-block-paragraph\"><strong><mark style=\"background-color:rgba(0, 0, 0, 0)\" class=\"has-inline-color has-primary-color\">DAG 3<\/mark> Gdansk<\/strong><br>Vandaag bezichtigen we het oude centrum van Gdansk met de Maria Basiliek en de lange marktstraat (Dluga Street). We zien de Neptunus Fontein en het Artushof dat diende als ontmoetingsplaats voor rijke kooplieden en adellijken. Vervolgens rijden we naar Oliwa waar we een bezoek brengen aan de Oliwa Kathedraal met het prachtige rococo pijporgel. Vervolgens rijden we naar Sopot, een Baltisch kuuroord met de langste pier van Europa. We overnachten vandaag wederom in Gdansk.<\/p>\n\n\n\n<hr class=\"wp-block-separator has-text-color has-tertiary-color has-alpha-channel-opacity has-tertiary-background-color has-background is-style-wide\"\/>\n\n\n\n<p class=\"wp-block-paragraph\"><strong><mark style=\"background-color:rgba(0, 0, 0, 0)\" class=\"has-inline-color has-primary-color\">DAG 4<\/mark> Gdansk \u2013 Malbork \u2013 Torun<\/strong><br>Na het ontbijt vertrekken we richting Torun (170 kilometer). Onderweg brengen we een bezoek aan het Kasteel van de Teutoonse Ridders in Malbork, ook wel Slot Mari\u00ebnburg genoemd. Het gotisch kasteel werd gebouwd in 1274 en was het hoofdkwartier van de kruisridderstraat van de Duitse Orde. Wanneer we aankomen in Torun volgt een stadsbezichtiging door het 800 jaar oude stadje. Een gids laat ons de oude stad zien: Gotische architectuur, kerken, burgerhuizen en stadsmuren. We zien het standbeeld van de bekendste persoon uit de geschiedenis van Torun; Copernicus. Tevens zien we het mooie stadhuis en het schitterende marktplein.<\/p>\n\n\n\n<hr class=\"wp-block-separator has-text-color has-tertiary-color has-alpha-channel-opacity has-tertiary-background-color has-background is-style-wide\"\/>\n\n\n\n<p class=\"wp-block-paragraph\"><strong><mark style=\"background-color:rgba(0, 0, 0, 0)\" class=\"has-inline-color has-primary-color\">DAG 5<\/mark> Torun \u2013 Wroclaw<\/strong><br>Vandaag vertrekken we naar de hoofdstad van Silezi\u00eb, Wroclaw, \u00e9\u00e9n van de mooiste steden van Polen (400 km.). In de middag staat een stadsbezichtiging op het programma. We zien de huurkazernes en het stadhuis op het schitterende marktplein. Tevens bezoeken we Ostrow Tumski, het oudste gedeelte van de stad. <\/p>\n\n\n\n<hr class=\"wp-block-separator has-text-color has-tertiary-color has-alpha-channel-opacity has-tertiary-background-color has-background is-style-wide\"\/>\n\n\n\n<p class=\"wp-block-paragraph\"><strong><mark style=\"background-color:rgba(0, 0, 0, 0)\" class=\"has-inline-color has-primary-color\">DAG 6<\/mark> Wroclaw \u2013 Czestochowa \u2013 Auschwitz \u2013 Krakau<\/strong><br>In de ochtend vertrekken we naar Krakau, via Czestochowa en Auschwitz. Onderweg brengen we een bezoek aan het Jasna Gora Klooster in Czestochowa met de Zwarte Madonna. Jaarlijks komen zo\u2019n vijf miljoen pelgrims en toeristen naar het klooster om de icoon van de Zwarte Madonna te aanschouwen of te aanbidden. Vervolgens vertrekken we naar Auschwitz, waar we het meest beruchte Nazi concentratiekamp uit de Tweede Wereldoorlog bezoeken. We rijden door naar Krakau.<\/p>\n\n\n\n<hr class=\"wp-block-separator has-text-color has-tertiary-color has-alpha-channel-opacity has-tertiary-background-color has-background is-style-wide\"\/>\n\n\n\n<p class=\"wp-block-paragraph\"><strong><mark style=\"background-color:rgba(0, 0, 0, 0)\" class=\"has-inline-color has-primary-color\">DAG 7<\/mark> Krakau<\/strong><br>Vanochtend rijden we naar de Wieliczka Zoutmijn, een schitterende ondergrondse belevenis die niet voor niets is opgenomen op de Werelderfgoedlijst van UNESCO. In de middag staat een stadsbezichtiging van Krakau op het programma. We gaan naar de Wavel Heuvel met het Koninklijk Paleis waar we de kasteel kamers bekijken. Vervolgens gaan we naar de oude stad waar we de verdedigingswerken en de Florianuspoort zien. We zien het Collegium Maius. Vanaf de 15e eeuw was dit het hoofdgebouw van de Jagiellonische Universiteit van Krakau; de oudste universiteit van Polen (1364) en een van de oudste universiteiten van Europa. Vervolgens bezoeken we de Grote Markt (Pools: Rynek G\u0142\u00f3wny). Het plein dateert uit de 13e eeuw. Met een oppervlakte van circa 40.000 m\u00b2 is het vierkante plein \u00e9\u00e9n van de grootste middeleeuwse pleinen in Europa. Het plein is omgeven door paleizen, kerken en historische burgerwoningen (kamienice). Centraal op het plein bevindt zich de lakenhal, de Sukiennice, die het plein in twee\u00ebn deelt. Op het ene deel wordt het plein gedomineerd door de Raadhuistoren, aan de andere zijde van de lakenhal bevinden zich het 11e-eeuwse St. Wojciechkerkje en het standbeeld van de dichter Adam Mickiewicz. In een hoek van het plein bevindt zich de gotische Kerk van de Hemelvaart van de Heilige Maagd Maria waar we een bezoek aan brengen. We overnachten vandaag wederom in ons hotel in Krakau.<\/p>\n\n\n\n<hr class=\"wp-block-separator has-text-color has-tertiary-color has-alpha-channel-opacity has-tertiary-background-color has-background is-style-wide\"\/>\n\n\n\n<p class=\"wp-block-paragraph\"><strong><mark style=\"background-color:rgba(0, 0, 0, 0)\" class=\"has-inline-color has-primary-color\">DAG 8<\/mark> Krakau \/ Amsterdam<\/strong><br>We ontbijten in het hotel. Optionele transfer naar het vliegveld.<\/p>\n\n\n\n<hr class=\"wp-block-separator has-text-color has-tertiary-color has-alpha-channel-opacity has-tertiary-background-color has-background is-style-wide\"\/>\n<\/div>\n<\/div>\n<\/div>\n<\/div>\n<\/div><\/div>\n\n\n\n<div class=\"wp-block-cover is-light has-parallax has-custom-content-position is-position-top-center is-style-gradient-top-bottom\"><div class=\"wp-block-cover__image-background wp-image-1146 size-full has-parallax\" style=\"background-position:50% 50%;background-image:url(https:\/\/pttravel.stevejonk.com\/wp-content\/uploads\/2025\/12\/Dag_4_Gdansk_Malbork_Torun.jpeg)\"><\/div><span aria-hidden=\"true\" class=\"wp-block-cover__background has-white-background-color has-background-dim-80 has-background-dim\"><\/span><div class=\"wp-block-cover__inner-container is-layout-constrained wp-block-cover-is-layout-constrained\">\n<div style=\"height:80px\" aria-hidden=\"true\" class=\"wp-block-spacer\"><\/div>\n\n\n\n<div class=\"wp-block-group is-style-container is-layout-constrained wp-container-core-group-is-layout-ee2332cf wp-block-group-is-layout-constrained\">\n<div class=\"wp-block-group is-style-default has-border-color has-tertiary-border-color is-layout-constrained wp-container-core-group-is-layout-d4be628a wp-block-group-is-layout-constrained\" style=\"border-width:1px;margin-top:1.1rem;margin-bottom:1.1rem;padding-top:var(--wp--preset--spacing--50);padding-right:var(--wp--preset--spacing--50);padding-bottom:var(--wp--preset--spacing--50);padding-left:var(--wp--preset--spacing--50)\">\n<h2 class=\"wp-block-heading has-text-align-center is-style-default has-tertiary-color has-text-color has-link-color has-theme-xx-large-font-size wp-elements-2\" style=\"margin-top:var(--wp--preset--spacing--50);margin-bottom:0;padding-top:0;padding-bottom:0\">OVERIGE INFORMATIE<\/h2>\n\n\n\n<h3 class=\"wp-block-heading has-text-align-center\" style=\"margin-top:0;margin-bottom:var(--wp--preset--spacing--70);font-style:normal;font-weight:400\">Overzicht en praktische details<\/h3>\n\n\n\n<div class=\"wp-block-columns is-layout-flex wp-container-core-columns-is-layout-7387b849 wp-block-columns-is-layout-flex\">\n<div class=\"wp-block-column is-layout-flow wp-block-column-is-layout-flow\">\n<p class=\"wp-block-paragraph\"><strong>Inbegrepen in onderstaande prijs:<br><\/strong><br>Vluchten Amsterdam \u2013 Warschauw\/Krakau retour<br>Hotelovernachtingen op basis van logies en ontbijt<br>Alle genoemde maaltijden<br>Vervoer in airconditioned bus<br>Alle in het programma genoemde excursies<br>7% overheidsbelasting<br>Nederlandssprekende gids tijdens de rondreis<br>Luchthavenbelasting Schiphol<br>Veiligheidstoeslag Schiphol<br>Brandstof toeslag luchtvaartmaatschappij<br>Vertrekbelasting Polen<\/p>\n<\/div>\n\n\n\n<div class=\"wp-block-column is-layout-flow wp-block-column-is-layout-flow\">\n<p class=\"wp-block-paragraph\"><strong>Niet inbegrepen in onderstaande prijs:<br><br><\/strong>Reserveringskosten \u20ac 25,- per boeking<br>Calamiteitenfonds \u20ac 2,50 per boeking<br>Bijdrage G.G.T.O. \u20ac 9,- per boeking<br>Diverse maaltijden<br>Diverse verzekeringen<br>Fooien en uitgaven van persoonlijke aard.<br>Optionele excursies<\/p>\n<\/div>\n<\/div>\n<\/div>\n<\/div>\n<\/div><\/div>\n\n\n\n<div class=\"wp-block-group is-style-container is-layout-constrained wp-container-core-group-is-layout-ff1f9450 wp-block-group-is-layout-constrained\" style=\"padding-top:0;padding-right:var(--wp--preset--spacing--60);padding-bottom:0;padding-left:var(--wp--preset--spacing--60)\">\n<div class=\"wp-block-group is-style-default has-border-color has-tertiary-border-color is-layout-constrained wp-container-core-group-is-layout-d4be628a wp-block-group-is-layout-constrained\" style=\"border-width:1px;margin-top:1.1rem;margin-bottom:1.1rem;padding-top:var(--wp--preset--spacing--50);padding-right:var(--wp--preset--spacing--50);padding-bottom:var(--wp--preset--spacing--50);padding-left:var(--wp--preset--spacing--50)\">\n<h2 class=\"wp-block-heading has-text-align-center is-style-border-overlap has-tertiary-color has-white-background-color has-text-color has-background has-link-color has-theme-xx-large-font-size wp-elements-3\" style=\"margin-top:0;margin-bottom:0;padding-top:0;padding-bottom:0\">Prijzen<\/h2>\n\n\n    <div id=\"price-table\" class=\"price-table__container\">\n        <table class=\"price-table\">\n            <thead>\n                <tr>\n                    <th>Vertrek<\/th>\n                                            <th>28-feb<\/th>\n                                            <th>4-apr<\/th>\n                                            <th>10-mei<\/th>\n                                            <th>13-jun<\/th>\n                                            <th>18-jul<\/th>\n                                            <th>22-aug<\/th>\n                                            <th>03-okt<\/th>\n                                            <th>14-nov<\/th>\n                                            <th>tslg-1PK<\/th>\n                                    <\/tr>\n            <\/thead>\n            <tbody>\n                <tr>\n                    <td>2025\/2026<\/td>\n                                            <td>\u20ac 2.249,-<\/td>\n                                            <td>\u20ac 2.249,-<\/td>\n                                            <td>\u20ac 2.249,-<\/td>\n                                            <td>\u20ac 2.249,-<\/td>\n                                            <td>\u20ac 2.249,-<\/td>\n                                            <td>\u20ac 2.249,-<\/td>\n                                            <td>\u20ac 2.249,-<\/td>\n                                            <td>\u20ac 2.249,-<\/td>\n                                            <td>\u20ac 2.249,-<\/td>\n                                    <\/tr>\n            <\/tbody>\n        <\/table>\n    <\/div>\n\n<\/div>\n<\/div>","protected":false},"excerpt":{"rendered":"<p>Prijzen<\/p>","protected":false},"author":2,"featured_media":1151,"parent":858,"menu_order":5,"comment_status":"closed","ping_status":"closed","template":"","meta":{"_acf_changed":false,"inline_featured_image":false,"footnotes":""},"class_list":["post-1166","page","type-page","status-publish","has-post-thumbnail","hentry"],"acf":{"tourcode":"POL 050 en 051","year":"2025\/2026","price1":"28-feb | \u20ac 2.249,-","price2":"4-apr | \u20ac 2.249,-","price3":"10-mei | \u20ac 2.249,-","price4":"13-jun | \u20ac 2.249,-","price5":"18-jul | \u20ac 2.249,-","price6":"22-aug | \u20ac 2.249,-","price7":"03-okt | \u20ac 2.249,-","price8":"14-nov | \u20ac 2.249,-","price9":"tslg-1PK | \u20ac 2.249,-","price10":""},"_links":{"self":[{"href":"https:\/\/pttravel.stevejonk.com\/en\/wp-json\/wp\/v2\/pages\/1166","targetHints":{"allow":["GET"]}}],"collection":[{"href":"https:\/\/pttravel.stevejonk.com\/en\/wp-json\/wp\/v2\/pages"}],"about":[{"href":"https:\/\/pttravel.stevejonk.com\/en\/wp-json\/wp\/v2\/types\/page"}],"author":[{"embeddable":true,"href":"https:\/\/pttravel.stevejonk.com\/en\/wp-json\/wp\/v2\/users\/2"}],"replies":[{"embeddable":true,"href":"https:\/\/pttravel.stevejonk.com\/en\/wp-json\/wp\/v2\/comments?post=1166"}],"version-history":[{"count":4,"href":"https:\/\/pttravel.stevejonk.com\/en\/wp-json\/wp\/v2\/pages\/1166\/revisions"}],"predecessor-version":[{"id":1176,"href":"https:\/\/pttravel.stevejonk.com\/en\/wp-json\/wp\/v2\/pages\/1166\/revisions\/1176"}],"up":[{"embeddable":true,"href":"https:\/\/pttravel.stevejonk.com\/en\/wp-json\/wp\/v2\/pages\/858"}],"wp:featuredmedia":[{"embeddable":true,"href":"https:\/\/pttravel.stevejonk.com\/en\/wp-json\/wp\/v2\/media\/1151"}],"wp:attachment":[{"href":"https:\/\/pttravel.stevejonk.com\/en\/wp-json\/wp\/v2\/media?parent=1166"}],"curies":[{"name":"wp","href":"https:\/\/api.w.org\/{rel}","templated":true}]}}